{"id":3153576,"date":"2026-04-28T00:00:00","date_gmt":"2026-04-27T22:00:00","guid":{"rendered":"https:\/\/cabinet-soudey.fr\/transaction-location\/appartement-saint-denis-2-pieces-42-70-m2\/"},"modified":"2026-05-01T02:01:53","modified_gmt":"2026-05-01T00:01:53","slug":"appartement-saint-denis-2-pieces-42-70-m2","status":"publish","type":"product","link":"https:\/\/cabinet-soudey.fr\/de\/transaction-location\/appartement-saint-denis-2-pieces-42-70-m2\/","title":{"rendered":"Wohnung Saint Denis 2 Zimmer 42.70 m2"},"content":{"rendered":"<p>KONTAKT NUR SCHRIFTLICH, wir gehen nicht ans Telefon.<\/p>\n<p>UNVERZICHTBAR :<br \/>\nBei Interesse bitten wir Sie, uns IN IHRER INFORMATIONSANFRAGE Ihre berufliche Situation (Einkommen, Vertragsart) und die Ihres B\u00fcrgen (Einkommen, Vertragsart), falls Sie einen solchen haben, mitzuteilen.<br \/>\nAngesichts der sehr zahlreichen Anfragen, die wir erhalten, bevorzugen wir Bewerber, die uns diese Informationen zur Verf\u00fcgung stellen.<\/p>\n<p>Vielen Dank f\u00fcr Ihr Verst\u00e4ndnis.<\/p>\n<p>&#8212;<\/p>\n<p>PORTE DE PARIS. A 4 minutes de la station de m\u00e9tro ligne 13 Porte de Paris et 10 minutes de la gare SNCF RER D. Dans une belle copropri\u00e9t\u00e9, au premier \u00e9tage, un appartement de deux pi\u00e8ces principales comprenant entr\u00e9e, s\u00e9jour avec cuisine ouverte, une chambre, salle d&rsquo;eau avec WC.<br \/>\nChauffage individuel \u00e9lectrique, fen\u00eatres double vitrage.<\/p>\n<p>ID annonce: 60527038<br \/>\n&lt;div class=&quot;&nbsp;&raquo;colomns-product-single&nbsp;&raquo;&quot;&gt;<br \/>\n&lt;div class=&quot;&nbsp;&raquo;column1&quot; halfcolomnproductsingle&nbsp;&raquo;&gt;<br \/>\n&lt;div class=&quot;&nbsp;&raquo;prixvente&nbsp;&raquo;&quot;&gt;&lt;b&gt;Preis&lt;\/b&gt;: 0 &euro; <\/p>\n<style>.prixvente {display:none !important;}<\/style>\n<p>&lt;\/div&gt;<br \/>\n&lt;div class=&quot;&nbsp;&raquo;prixloyer&nbsp;&raquo;&quot;&gt;&lt;strong&gt;Miete&lt;\/strong&gt;: 898.32 &euro; \/ mois &lt;\/div&gt;<br \/>\n&lt;div class=&quot;&nbsp;&raquo;provisionSurCharges&nbsp;&raquo;&quot;&gt;&lt;strong&gt;R&uuml;ckstellungen f&uuml;r Aufwendungen&lt;\/strong&gt;: 90 &euro; \/ mois &lt;\/div&gt;<br \/>\n&lt;div class=&quot;&nbsp;&raquo;caution&nbsp;&raquo;&quot;&gt;&lt;b&gt;Kaution&lt;\/b&gt;: 1200&euro; &lt;\/div&gt;<br \/>\n&lt;div class=&quot;&nbsp;&raquo;gesmaison&nbsp;&raquo;&quot;&gt;&lt;b&gt;Em. CO2:&nbsp;&lt;\/b&gt; <\/p>\n<style>.gesmaison {display:none !important;}<\/style>\n<p>&lt;\/div&gt;<br \/>\n&lt;div class=&quot;&nbsp;&raquo;gesappart&nbsp;&raquo;&quot;&gt;&lt;b&gt;Em. CO2:&nbsp;&lt;\/b&gt;B &lt;\/div&gt;<br \/>\n&lt;div class=&quot;&nbsp;&raquo;consomaison&nbsp;&raquo;&quot;&gt;&lt;b&gt;Conso.&lt;\/b&gt;: Kw\/h <\/p>\n<style>.consomaison {display:none !important;}<\/style>\n<p>&lt;\/div&gt;<br \/>\n&lt;div class=&quot;&nbsp;&raquo;consoappart&nbsp;&raquo;&quot;&gt;&lt;b&gt;Conso.&lt;\/b&gt;: 227.2 Kw\/h &lt;\/div&gt;<br \/>\n&lt;div class=&quot;&nbsp;&raquo;ville&nbsp;&raquo;&quot;&gt;&lt;b&gt;Stadt&lt;\/b&gt;93200 SAINT DENIS&lt;\/div&gt;<br \/>\n&lt;div class=&quot;&nbsp;&raquo;surfacemaison&nbsp;&raquo;&quot;&gt;&lt;b&gt;Fl&auml;che&lt;\/b&gt;: m2 <\/p>\n<style>.surfacemaison {display:none !important;}<\/style>\n<p>&lt;\/div&gt;<br \/>\n&lt;div class=&quot;&nbsp;&raquo;surfaceappart&nbsp;&raquo;&quot;&gt;&lt;b&gt;Fl&auml;che&lt;\/b&gt;: 43m2 &lt;\/div&gt;<br \/>\n&lt;div class=&quot;&nbsp;&raquo;surfaceimmeuble&nbsp;&raquo;&quot;&gt;&lt;b&gt;Fl&auml;che&lt;\/b&gt;: m2 <\/p>\n<style>.surfaceimmeuble {display:none !important;}<\/style>\n<p>&lt;\/div&gt;<br \/>\n&lt;div class=&quot;&nbsp;&raquo;surfaceparking&nbsp;&raquo;&quot;&gt;&lt;b&gt;Fl&auml;che&lt;\/b&gt;: m2 <\/p>\n<style>.surfaceparking {display:none !important;}<\/style>\n<p>&lt;\/div&gt;<br \/>\n&lt;div class=&quot;&nbsp;&raquo;surfaceterrain&nbsp;&raquo;&quot;&gt;&lt;b&gt;Fl&auml;che&lt;\/b&gt;: m2 <\/p>\n<style>.surfaceterrain {display:none !important;}<\/style>\n<p>&lt;\/div&gt;<br \/>\n&lt;div class=&quot;&nbsp;&raquo;piecesmaison&nbsp;&raquo;&quot;&gt;&lt;b&gt;M&uuml;nzen&lt;\/b&gt;:  <\/p>\n<style>.piecesmaison {display:none !important;}<\/style>\n<p>&lt;\/div&gt;<br \/>\n&lt;div class=&quot;&nbsp;&raquo;piecesappart&nbsp;&raquo;&quot;&gt;&lt;b&gt;M&uuml;nzen&lt;\/b&gt;: 2 &lt;\/div&gt;<br \/>\n&lt;div class=&quot;&nbsp;&raquo;piecesimmeuble&nbsp;&raquo;&quot;&gt;&lt;b&gt;M&uuml;nzen&lt;\/b&gt;: <\/p>\n<style>.piecesimmeuble {display:none !important;}<\/style>\n<p>&lt;\/div&gt;<br \/>\n&lt;div class=&quot;&nbsp;&raquo;sdbmaison&nbsp;&raquo;&quot;&gt;&lt;b&gt;S. B&auml;der&lt;\/b&gt;:  <\/p>\n<style>.sdbmaison {display:none !important;}<\/style>\n<p>&lt;\/div&gt;<br \/>\n&lt;div class=&quot;&nbsp;&raquo;sdbappart&nbsp;&raquo;&quot;&gt;&lt;b&gt;S. B&auml;der&lt;\/b&gt;: 0 <\/p>\n<style>.sdbappart {display:none !important;}<\/style>\n<p>&lt;\/div&gt;<br \/>\n&lt;div class=&quot;&nbsp;&raquo;sdemaison&nbsp;&raquo;&quot;&gt;&lt;b&gt;S. Wasser&lt;\/b&gt;: <\/p>\n<style>.sdemaison {display:none !important;}<\/style>\n<p>&lt;\/div&gt;<br \/>\n&lt;div class=&quot;&nbsp;&raquo;sdeappart&nbsp;&raquo;&quot;&gt;&lt;b&gt;S. Wasser&lt;\/b&gt;: 1 &lt;\/div&gt;<br \/>\n&lt;div class=&quot;&nbsp;&raquo;etagesappart&nbsp;&raquo;&quot;&gt;&lt;b&gt;Etage&lt;\/b&gt;: 1\/4&lt;\/div&gt;<br \/>\n&lt;div class=&quot;&nbsp;&raquo;etagesmaison&nbsp;&raquo;&quot;&gt;&lt;b&gt;Etage&lt;\/b&gt;: \/<\/p>\n<style>.etagesmaison {display:none !important;}<\/style>\n<p>&lt;\/div&gt;<br \/>\n&lt;div class=&quot;&nbsp;&raquo;etagesimmeuble&nbsp;&raquo;&quot;&gt;&lt;b&gt;Etage&lt;\/b&gt;:  <\/p>\n<style>.etagesimmeuble {display:none !important;}<\/style>\n<p>&lt;\/div&gt;<br \/>\n&lt;\/div&gt;<br \/>\n&lt;div class=&quot;&nbsp;&raquo;column1&quot; halfcolomnproductsingle&nbsp;&raquo;&gt;<br \/>\n&lt;div class=&quot;&nbsp;&raquo;assainissementterrain&nbsp;&raquo;&quot;&gt;&lt;b&gt;Sanierung&lt;\/b&gt;: <\/p>\n<style>.assainissementterrain {display:none !important;}<\/style>\n<p>&lt;\/div&gt;<br \/>\n&lt;div class=&quot;&nbsp;&raquo;construcmaison&nbsp;&raquo;&quot;&gt;&lt;b&gt;Konstrukt&lt;\/b&gt;:   <\/p>\n<style>.construcmaison {display:none !important;}<\/style>\n<p>&lt;\/div&gt;<br \/>\n&lt;div class=&quot;&nbsp;&raquo;construcappart&nbsp;&raquo;&quot;&gt;&lt;b&gt;Konstrukt&lt;\/b&gt;: 1930 Stein und Ziegel &lt;\/div&gt;<br \/>\n&lt;div class=&quot;&nbsp;&raquo;chambresappart&nbsp;&raquo;&quot;&gt;&lt;b&gt;Zimmer&lt;\/b&gt;: 1&lt;\/div&gt;<br \/>\n&lt;div class=&quot;&nbsp;&raquo;chambresmaison&nbsp;&raquo;&quot;&gt;&lt;b&gt;Zimmer&lt;\/b&gt;: <\/p>\n<style>.chambresmaison {display:none !important;}<\/style>\n<p>&lt;\/div&gt;<br \/>\n&lt;div class=&quot;&nbsp;&raquo;chambresimmeuble&nbsp;&raquo;&quot;&gt;&lt;b&gt;Zimmer&lt;\/b&gt;: <\/p>\n<style>.chambresimmeuble {display:none !important;}<\/style>\n<p>&lt;\/div&gt;<br \/>\n&lt;div class=&quot;&nbsp;&raquo;vuedappart&nbsp;&raquo;&quot;&gt;&lt;b&gt;Ansicht&lt;\/b&gt;:  <\/p>\n<style>.vuedappart {display:none !important;}<\/style>\n<p>&lt;\/div&gt;<br \/>\n&lt;div class=&quot;&nbsp;&raquo;vuemaison&nbsp;&raquo;&quot;&gt;&lt;b&gt;Ansicht&lt;\/b&gt;:  <\/p>\n<style>.vuemaison {display:none !important;}<\/style>\n<p>&lt;\/div&gt;<br \/>\n&lt;div class=&quot;&nbsp;&raquo;fenetresmaison&nbsp;&raquo;&quot;&gt;&lt;b&gt;Fenster&lt;\/b&gt;:\u00a0 <\/p>\n<style>.fenetresmaison {display:none !important;}<\/style>\n<p>&lt;\/div&gt;<br \/>\n&lt;div class=&quot;&nbsp;&raquo;fenetresappart&nbsp;&raquo;&quot;&gt;&lt;b&gt;Fenster&lt;\/b&gt;: PVC Doppelverglasung &lt;\/div&gt;<br \/>\n&lt;div class=&quot;&nbsp;&raquo;chauffagemaison&nbsp;&raquo;&quot;&gt;&lt;b&gt;Heizung&lt;\/b&gt;:  <\/p>\n<style>.chauffagemaison {display:none !important;}<\/style>\n<p>&lt;\/div&gt;<br \/>\n&lt;div class=&quot;&nbsp;&raquo;chauffagemodemaison&nbsp;&raquo;&quot;&gt;&lt;b&gt;Heizung&lt;\/b&gt;: <\/p>\n<style>.chauffagemodemaison {display:none !important;}<\/style>\n<p>&lt;\/div&gt;<br \/>\n&lt;div class=&quot;&nbsp;&raquo;chauffageappart&nbsp;&raquo;&quot;&gt;&lt;b&gt;Heizung&lt;\/b&gt;: Individuell &lt;\/div&gt;<br \/>\n&lt;div class=&quot;&nbsp;&raquo;chauffagemodeappart&nbsp;&raquo;&quot;&gt;&lt;b&gt;Heizung&lt;\/b&gt;: Elektrisch&lt;\/div&gt;<br \/>\n&lt;div class=&quot;&nbsp;&raquo;cuisinemaison&nbsp;&raquo;&quot;&gt;&lt;b&gt;K&uuml;che&lt;\/b&gt;: <\/p>\n<style>.cuisinemaison {display:none !important;}<\/style>\n<p>&lt;\/div&gt;<br \/>\n&lt;div class=&quot;&nbsp;&raquo;cuisineappart&nbsp;&raquo;&quot;&gt;&lt;b&gt;K&uuml;che&lt;\/b&gt;: Ouverte Am&eacute;nag&eacute;e <\/p>\n<style>.cuisineappart {display:none !important;}<\/style>\n<p>&lt;\/div&gt;<br \/>\n&lt;div class=&quot;&nbsp;&raquo;honovente&nbsp;&raquo;&quot;&gt;&lt;b&gt;Hono&lt;\/b&gt;:  <\/p>\n<style>.honovente {display:none !important;}<\/style>\n<p>&lt;\/div&gt;<br \/>\n&lt;div class=&quot;&nbsp;&raquo;honoloc&nbsp;&raquo;&quot;&gt;&lt;b&gt;Hono&lt;\/b&gt;: 647&euro; &lt;img id=&quot;&nbsp;&raquo;logoagence&nbsp;&raquo;&quot; style=&quot;&nbsp;&raquo;max-width:&quot; 35%&nbsp;&raquo; src=&quot;&nbsp;&raquo;\/wp-content\/uploads\/2021\/01\/cabiney-soudey-veules-les-roses.png&nbsp;&raquo;&quot; \/&gt;&lt;\/div&gt;<br \/>\n&lt;\/div&gt;<br \/>\n&lt;\/div&gt;<br \/>\n&lt;div class=&quot;&nbsp;&raquo;dpeappart&nbsp;&raquo;&quot;&gt;<img decoding=\"async\" src=\"\/wp-content\/uploads\/2020\/03\/DPE-D.png\" \/>&lt;\/div&gt;<br \/>\n&lt;div class=&quot;&nbsp;&raquo;dpemaison&nbsp;&raquo;&quot;&gt;&lt;\/div&gt;<br \/>\nID annonce: 605270386052703860527038<\/p>","protected":false},"excerpt":{"rendered":"<p> KONTAKT NUR SCHRIFTLICH, wir gehen nicht ans Telefon.<\/p>\n<p>UNVERZICHTBAR :<br \/>\nBei Interesse bitten wir Sie, uns IN IHRER INFORMATIONSANFRAGE Ihre berufliche Situation (Einkommen, Vertragsart) und die Ihres B\u00fcrgen (Einkommen, Vertragsart), falls Sie einen solchen haben, mitzuteilen.<br \/>\nAngesichts der sehr zahlreichen Anfragen, die wir erhalten, bevorzugen wir Bewerber, die uns diese Informationen zur Verf\u00fcgung stellen.<\/p>\n<p>Vielen Dank f\u00fcr Ihr Verst\u00e4ndnis.<\/p>\n<p>&#8212;<\/p>\n<p>PORTE DE PARIS. A 4 minutes de la station de m\u00e9tro ligne 13 Porte de Paris et 10 minutes de la gare SNCF RER D. Dans une belle copropri\u00e9t\u00e9, au premier \u00e9tage, un appartement de deux pi\u00e8ces principales comprenant entr\u00e9e, s\u00e9jour avec cuisine ouverte, une chambre, salle d&rsquo;eau avec WC.<br \/>\nChauffage individuel \u00e9lectrique, fen\u00eatres double vitrage.     <\/p>\n<div class=\"colomns-product-single\">\n<div class=\"column1 halfcolomnproductsingle\">\n<div class=\"prixvente\"><b>Preis<\/b>: 0 \u20ac <\/p>\n<style>.prixvente {display:none !important;}<\/style>\n<\/div>\n<div class=\"prixloyer\"><strong>Miete<\/strong>: 898.32 \u20ac \/ mois  <\/div>\n<div class=\"provisionSurCharges\"><strong>R\u00fcckstellungen f\u00fcr Aufwendungen<\/strong>: 90 \u20ac \/ mois <\/div>\n<div class=\"caution\"><b>Kaution<\/b>: 1200\u20ac <\/div>\n<div class=\"gesmaison\"><b>Em. CO2:\u00a0<\/b> <\/p>\n<style>.gesmaison {display:none !important;}<\/style>\n<\/div>\n<div class=\"gesappart\"><b>Em. CO2:\u00a0<\/b>B <\/div>\n<div class=\"consomaison\"><b>Conso.<\/b>: Kw\/h <\/p>\n<style>.consomaison {display:none !important;}<\/style>\n<\/div>\n<div class=\"consoappart\"><b>Conso.<\/b>: 227.2 Kw\/h <\/div>\n<div class=\"ville\"><b>Stadt<\/b>93200 SAINT DENIS<\/div>\n<div class=\"surfacemaison\"><b>Fl\u00e4che<\/b>: m2 <\/p>\n<style>.surfacemaison {display:none !important;}<\/style>\n<\/div>\n<div class=\"surfaceappart\"><b>Fl\u00e4che<\/b>: 43m2 <\/div>\n<div class=\"surfaceimmeuble\"><b>Fl\u00e4che<\/b>: m2 <\/p>\n<style>.surfaceimmeuble {display:none !important;}<\/style>\n<\/div>\n<div class=\"surfaceparking\"><b>Fl\u00e4che<\/b>: m2 <\/p>\n<style>.surfaceparking {display:none !important;}<\/style>\n<\/div>\n<div class=\"surfaceterrain\"><b>Fl\u00e4che<\/b>: m2 <\/p>\n<style>.surfaceterrain {display:none !important;}<\/style>\n<\/div>\n<div class=\"piecesmaison\"><b>M\u00fcnzen<\/b>:  <\/p>\n<style>.piecesmaison {display:none !important;}<\/style>\n<\/div>\n<div class=\"piecesappart\"><b>M\u00fcnzen<\/b>: 2 <\/div>\n<div class=\"piecesimmeuble\"><b>M\u00fcnzen<\/b>: <\/p>\n<style>.piecesimmeuble {display:none !important;}<\/style>\n<\/div>\n<div class=\"sdbmaison\"><b>S. B\u00e4der<\/b>:  <\/p>\n<style>.sdbmaison {display:none !important;}<\/style>\n<\/div>\n<div class=\"sdbappart\"><b>S. B\u00e4der<\/b>: 0 <\/p>\n<style>.sdbappart {display:none !important;}<\/style>\n<\/div>\n<div class=\"sdemaison\"><b>S. Wasser<\/b>: <\/p>\n<style>.sdemaison {display:none !important;}<\/style>\n<\/div>\n<div class=\"sdeappart\"><b>S. Wasser<\/b>: 1 <\/div>\n<div class=\"etagesappart\"><b>Etage<\/b>: 1\/4<\/div>\n<div class=\"etagesmaison\"><b>Etage<\/b>: \/<\/p>\n<style>.etagesmaison {display:none !important;}<\/style>\n<\/div>\n<div class=\"etagesimmeuble\"><b>Etage<\/b>:  <\/p>\n<style>.etagesimmeuble {display:none !important;}<\/style>\n<\/div><\/div>\n<div class=\"column1 halfcolomnproductsingle\">\n<div class=\"assainissementterrain\"><b>Sanierung<\/b>: <\/p>\n<style>.assainissementterrain {display:none !important;}<\/style>\n<\/div>\n<div class=\"construcmaison\"><b>Konstrukt<\/b>:   <\/p>\n<style>.construcmaison {display:none !important;}<\/style>\n<\/div>\n<div class=\"construcappart\"><b>Konstrukt<\/b>: 1930 Stein und Ziegel <\/div>\n<div class=\"chambresappart\"><b>Zimmer<\/b>: 1<\/div>\n<div class=\"chambresmaison\"><b>Zimmer<\/b>: <\/p>\n<style>.chambresmaison {display:none !important;}<\/style>\n<\/div>\n<div class=\"chambresimmeuble\"><b>Zimmer<\/b>: <\/p>\n<style>.chambresimmeuble {display:none !important;}<\/style>\n<\/div>\n<div class=\"vuedappart\"><b>Ansicht<\/b>:  <\/p>\n<style>.vuedappart {display:none !important;}<\/style>\n<\/div>\n<div class=\"vuemaison\"><b>Ansicht<\/b>:  <\/p>\n<style>.vuemaison {display:none !important;}<\/style>\n<\/div>\n<div class=\"fenetresmaison\"><b>Fenster<\/b>:\u00a0 <\/p>\n<style>.fenetresmaison {display:none !important;}<\/style>\n<\/div>\n<div class=\"fenetresappart\"><b>Fenster<\/b>: PVC Doppelverglasung <\/div>\n<div class=\"chauffagemaison\"><b>Heizung<\/b>:  <\/p>\n<style>.chauffagemaison {display:none !important;}<\/style>\n<\/div>\n<div class=\"chauffagemodemaison\"><b>Heizung<\/b>: <\/p>\n<style>.chauffagemodemaison {display:none !important;}<\/style>\n<\/div>\n<div class=\"chauffageappart\"><b>Heizung<\/b>: Individuell <\/div>\n<div class=\"chauffagemodeappart\"><b>Heizung<\/b>: Elektrisch<\/div>\n<div class=\"cuisinemaison\"><b>K\u00fcche<\/b>: <\/p>\n<style>.cuisinemaison {display:none !important;}<\/style>\n<\/div>\n<div class=\"cuisineappart\"><b>K\u00fcche<\/b>: Ouverte Am\u00e9nag\u00e9e <\/p>\n<style>.cuisineappart {display:none !important;}<\/style>\n<\/div>\n<div class=\"honovente\"><b>Hono<\/b>:  <\/p>\n<style>.honovente {display:none !important;}<\/style>\n<\/div>\n<div class=\"honoloc\"><b>Hono<\/b>: 647\u20ac <img decoding=\"async\" id=\"logoagence\" style=\"max-width: 35%\" src=\"\/wp-content\/uploads\/2021\/01\/cabiney-soudey-veules-les-roses.png\" \/> ID annonce: 60527038 <\/div>\n<\/p><\/div>\n<\/p><\/div>\n<div class=\"dpeappart\"><img decoding=\"async\" src=\"\/wp-content\/uploads\/2020\/03\/DPE-D.png\" \/><\/div>\n<div class=\"dpemaison\"><\/div>","protected":false},"featured_media":3153577,"template":"","meta":{"_et_pb_use_builder":"on","_et_pb_old_content":"","_et_gb_content_width":""},"product_brand":[],"product_cat":[984],"product_tag":[2290,3680,3679,2291,2299,2288,2292],"ville":[2638],"code_postal":[969],"mot_cle":[2720,963,966,964,2719,972,968,965,1038],"surface_bien":[3645],"type_produit":[2269],"prix_loc":[3953],"prix_transac":[2286],"vendu":[2453],"class_list":{"0":"post-3153576","1":"product","2":"type-product","3":"status-publish","4":"has-post-thumbnail","6":"product_cat-appartement","7":"product_tag-appartement-a-vendre","8":"product_tag-immobilier-76","9":"product_tag-immobilier-normandie","10":"product_tag-maison-a-vendre","11":"product_tag-pierre-et-brique","12":"product_tag-saint-denis","13":"product_tag-transaction","14":"ville-saint-denis","15":"code_postal-969","16":"mot_cle-2720","17":"mot_cle-appartement-a-vendre","18":"mot_cle-immobilier","19":"mot_cle-maison-a-vendre","20":"mot_cle-normandie","21":"mot_cle-pierre-et-brique","22":"mot_cle-saint-denis","23":"mot_cle-transaction","24":"mot_cle-veules-les-roses","25":"surface_bien-42-7","26":"type_produit-louer","27":"prix_loc-898-32","28":"prix_transac-2286","30":"first","31":"instock","32":"purchasable","33":"product-type-simple"},"yoast_head":"<!-- This site is optimized with the Yoast SEO plugin v27.5 - https:\/\/yoast.com\/product\/yoast-seo-wordpress\/ -->\n<title>A louer Appartement Saint Denis 2 pi\u00e8ce(s) 42.70 m2<\/title>\n<meta name=\"description\" content=\"Immobilier Appartement Saint Denis 2 pi\u00e8ce(s) 42.70 m2 76, Veules les roses, Normandie, location et vente\" \/>\n<meta name=\"robots\" content=\"index, follow, max-snippet:-1, max-image-preview:large, max-video-preview:-1\" \/>\n<link rel=\"canonical\" href=\"https:\/\/cabinet-soudey.fr\/de\/transaction-location\/appartement-saint-denis-2-pieces-42-70-m2\/\" \/>\n<meta property=\"og:locale\" content=\"de_DE\" \/>\n<meta property=\"og:type\" content=\"article\" \/>\n<meta property=\"og:title\" content=\"A louer Appartement Saint Denis 2 pi\u00e8ce(s) 42.70 m2\" \/>\n<meta property=\"og:description\" content=\"Immobilier Appartement Saint Denis 2 pi\u00e8ce(s) 42.70 m2 76, Veules les roses, Normandie, location et vente\" \/>\n<meta property=\"og:url\" content=\"https:\/\/cabinet-soudey.fr\/de\/transaction-location\/appartement-saint-denis-2-pieces-42-70-m2\/\" \/>\n<meta property=\"og:site_name\" content=\"Cabinet Soudey | Veules Les Roses Immobilier\" \/>\n<meta property=\"article:modified_time\" content=\"2026-05-01T00:01:53+00:00\" \/>\n<meta property=\"og:image\" content=\"https:\/\/cabinet-soudey.fr\/wp-content\/uploads\/2026\/04\/2026-183715.jpg\" \/>\n\t<meta property=\"og:image:width\" content=\"1440\" \/>\n\t<meta property=\"og:image:height\" content=\"1080\" \/>\n\t<meta property=\"og:image:type\" content=\"image\/jpeg\" \/>\n<meta name=\"twitter:card\" content=\"summary_large_image\" \/>\n<meta name=\"twitter:label1\" content=\"Gesch\u00e4tzte Lesezeit\" \/>\n\t<meta name=\"twitter:data1\" content=\"4\u00a0Minuten\" \/>\n<script type=\"application\/ld+json\" class=\"yoast-schema-graph\">{\"@context\":\"https:\\\/\\\/schema.org\",\"@graph\":[{\"@type\":\"WebPage\",\"@id\":\"https:\\\/\\\/cabinet-soudey.fr\\\/transaction-location\\\/appartement-saint-denis-2-pieces-42-70-m2\\\/\",\"url\":\"https:\\\/\\\/cabinet-soudey.fr\\\/transaction-location\\\/appartement-saint-denis-2-pieces-42-70-m2\\\/\",\"name\":\"A louer Appartement Saint Denis 2 pi\u00e8ce(s) 42.70 m2\",\"isPartOf\":{\"@id\":\"https:\\\/\\\/cabinet-soudey.fr\\\/#website\"},\"primaryImageOfPage\":{\"@id\":\"https:\\\/\\\/cabinet-soudey.fr\\\/transaction-location\\\/appartement-saint-denis-2-pieces-42-70-m2\\\/#primaryimage\"},\"image\":{\"@id\":\"https:\\\/\\\/cabinet-soudey.fr\\\/transaction-location\\\/appartement-saint-denis-2-pieces-42-70-m2\\\/#primaryimage\"},\"thumbnailUrl\":\"https:\\\/\\\/cabinet-soudey.fr\\\/wp-content\\\/uploads\\\/2026\\\/04\\\/2026-183715.jpg\",\"datePublished\":\"2026-04-27T22:00:00+00:00\",\"dateModified\":\"2026-05-01T00:01:53+00:00\",\"description\":\"Immobilier Appartement Saint Denis 2 pi\u00e8ce(s) 42.70 m2 76, Veules les roses, Normandie, location et vente\",\"breadcrumb\":{\"@id\":\"https:\\\/\\\/cabinet-soudey.fr\\\/transaction-location\\\/appartement-saint-denis-2-pieces-42-70-m2\\\/#breadcrumb\"},\"inLanguage\":\"de\",\"potentialAction\":[{\"@type\":\"ReadAction\",\"target\":[\"https:\\\/\\\/cabinet-soudey.fr\\\/transaction-location\\\/appartement-saint-denis-2-pieces-42-70-m2\\\/\"]}]},{\"@type\":\"ImageObject\",\"inLanguage\":\"de\",\"@id\":\"https:\\\/\\\/cabinet-soudey.fr\\\/transaction-location\\\/appartement-saint-denis-2-pieces-42-70-m2\\\/#primaryimage\",\"url\":\"https:\\\/\\\/cabinet-soudey.fr\\\/wp-content\\\/uploads\\\/2026\\\/04\\\/2026-183715.jpg\",\"contentUrl\":\"https:\\\/\\\/cabinet-soudey.fr\\\/wp-content\\\/uploads\\\/2026\\\/04\\\/2026-183715.jpg\",\"width\":1440,\"height\":1080,\"caption\":\"Saint Denis Immobilier\"},{\"@type\":\"BreadcrumbList\",\"@id\":\"https:\\\/\\\/cabinet-soudey.fr\\\/transaction-location\\\/appartement-saint-denis-2-pieces-42-70-m2\\\/#breadcrumb\",\"itemListElement\":[{\"@type\":\"ListItem\",\"position\":1,\"name\":\"Home\",\"item\":\"https:\\\/\\\/cabinet-soudey.fr\\\/\"},{\"@type\":\"ListItem\",\"position\":2,\"name\":\"Nos biens \u00e0 la vente\",\"item\":\"https:\\\/\\\/cabinet-soudey.fr\\\/biens\\\/\"},{\"@type\":\"ListItem\",\"position\":3,\"name\":\"Appartement Saint Denis 2 pi\u00e8ce(s) 42.70 m2\"}]},{\"@type\":\"WebSite\",\"@id\":\"https:\\\/\\\/cabinet-soudey.fr\\\/#website\",\"url\":\"https:\\\/\\\/cabinet-soudey.fr\\\/\",\"name\":\"Cabinet Soudey | Veules Les Roses Immobilier\",\"description\":\"agence immobili\u00e8re en Normandie\",\"publisher\":{\"@id\":\"https:\\\/\\\/cabinet-soudey.fr\\\/#organization\"},\"potentialAction\":[{\"@type\":\"SearchAction\",\"target\":{\"@type\":\"EntryPoint\",\"urlTemplate\":\"https:\\\/\\\/cabinet-soudey.fr\\\/?s={search_term_string}\"},\"query-input\":{\"@type\":\"PropertyValueSpecification\",\"valueRequired\":true,\"valueName\":\"search_term_string\"}}],\"inLanguage\":\"de\"},{\"@type\":\"Organization\",\"@id\":\"https:\\\/\\\/cabinet-soudey.fr\\\/#organization\",\"name\":\"Cabinet Soudey - Immobilier \u00e0 Veules les Roses\",\"url\":\"https:\\\/\\\/cabinet-soudey.fr\\\/\",\"logo\":{\"@type\":\"ImageObject\",\"inLanguage\":\"de\",\"@id\":\"https:\\\/\\\/cabinet-soudey.fr\\\/#\\\/schema\\\/logo\\\/image\\\/\",\"url\":\"https:\\\/\\\/www.cabinet-soudey.fr\\\/wp-content\\\/uploads\\\/2020\\\/02\\\/logo-new-cropped.png\",\"contentUrl\":\"https:\\\/\\\/www.cabinet-soudey.fr\\\/wp-content\\\/uploads\\\/2020\\\/02\\\/logo-new-cropped.png\",\"width\":452,\"height\":469,\"caption\":\"Cabinet Soudey - Immobilier \u00e0 Veules les Roses\"},\"image\":{\"@id\":\"https:\\\/\\\/cabinet-soudey.fr\\\/#\\\/schema\\\/logo\\\/image\\\/\"}}]}<\/script>\n<!-- \/ Yoast SEO plugin. -->","yoast_head_json":{"title":"A louer Appartement Saint Denis 2 pi\u00e8ce(s) 42.70 m2","description":"Immobilier Appartement Saint Denis 2 pi\u00e8ce(s) 42.70 m2 76, Veules les roses, Normandie, location et vente","robots":{"index":"index","follow":"follow","max-snippet":"max-snippet:-1","max-image-preview":"max-image-preview:large","max-video-preview":"max-video-preview:-1"},"canonical":"https:\/\/cabinet-soudey.fr\/de\/transaction-location\/appartement-saint-denis-2-pieces-42-70-m2\/","og_locale":"de_DE","og_type":"article","og_title":"A louer Appartement Saint Denis 2 pi\u00e8ce(s) 42.70 m2","og_description":"Immobilier Appartement Saint Denis 2 pi\u00e8ce(s) 42.70 m2 76, Veules les roses, Normandie, location et vente","og_url":"https:\/\/cabinet-soudey.fr\/de\/transaction-location\/appartement-saint-denis-2-pieces-42-70-m2\/","og_site_name":"Cabinet Soudey | Veules Les Roses Immobilier","article_modified_time":"2026-05-01T00:01:53+00:00","og_image":[{"width":1440,"height":1080,"url":"https:\/\/cabinet-soudey.fr\/wp-content\/uploads\/2026\/04\/2026-183715.jpg","type":"image\/jpeg"}],"twitter_card":"summary_large_image","twitter_misc":{"Gesch\u00e4tzte Lesezeit":"4\u00a0Minuten"},"schema":{"@context":"https:\/\/schema.org","@graph":[{"@type":"WebPage","@id":"https:\/\/cabinet-soudey.fr\/transaction-location\/appartement-saint-denis-2-pieces-42-70-m2\/","url":"https:\/\/cabinet-soudey.fr\/transaction-location\/appartement-saint-denis-2-pieces-42-70-m2\/","name":"A louer Appartement Saint Denis 2 pi\u00e8ce(s) 42.70 m2","isPartOf":{"@id":"https:\/\/cabinet-soudey.fr\/#website"},"primaryImageOfPage":{"@id":"https:\/\/cabinet-soudey.fr\/transaction-location\/appartement-saint-denis-2-pieces-42-70-m2\/#primaryimage"},"image":{"@id":"https:\/\/cabinet-soudey.fr\/transaction-location\/appartement-saint-denis-2-pieces-42-70-m2\/#primaryimage"},"thumbnailUrl":"https:\/\/cabinet-soudey.fr\/wp-content\/uploads\/2026\/04\/2026-183715.jpg","datePublished":"2026-04-27T22:00:00+00:00","dateModified":"2026-05-01T00:01:53+00:00","description":"Immobilier Appartement Saint Denis 2 pi\u00e8ce(s) 42.70 m2 76, Veules les roses, Normandie, location et vente","breadcrumb":{"@id":"https:\/\/cabinet-soudey.fr\/transaction-location\/appartement-saint-denis-2-pieces-42-70-m2\/#breadcrumb"},"inLanguage":"de","potentialAction":[{"@type":"ReadAction","target":["https:\/\/cabinet-soudey.fr\/transaction-location\/appartement-saint-denis-2-pieces-42-70-m2\/"]}]},{"@type":"ImageObject","inLanguage":"de","@id":"https:\/\/cabinet-soudey.fr\/transaction-location\/appartement-saint-denis-2-pieces-42-70-m2\/#primaryimage","url":"https:\/\/cabinet-soudey.fr\/wp-content\/uploads\/2026\/04\/2026-183715.jpg","contentUrl":"https:\/\/cabinet-soudey.fr\/wp-content\/uploads\/2026\/04\/2026-183715.jpg","width":1440,"height":1080,"caption":"Saint Denis Immobilier"},{"@type":"BreadcrumbList","@id":"https:\/\/cabinet-soudey.fr\/transaction-location\/appartement-saint-denis-2-pieces-42-70-m2\/#breadcrumb","itemListElement":[{"@type":"ListItem","position":1,"name":"Home","item":"https:\/\/cabinet-soudey.fr\/"},{"@type":"ListItem","position":2,"name":"Nos biens \u00e0 la vente","item":"https:\/\/cabinet-soudey.fr\/biens\/"},{"@type":"ListItem","position":3,"name":"Appartement Saint Denis 2 pi\u00e8ce(s) 42.70 m2"}]},{"@type":"WebSite","@id":"https:\/\/cabinet-soudey.fr\/#website","url":"https:\/\/cabinet-soudey.fr\/","name":"Cabinet Soudey | Veules Les Roses Immobilier","description":"agence immobili\u00e8re en Normandie","publisher":{"@id":"https:\/\/cabinet-soudey.fr\/#organization"},"potentialAction":[{"@type":"SearchAction","target":{"@type":"EntryPoint","urlTemplate":"https:\/\/cabinet-soudey.fr\/?s={search_term_string}"},"query-input":{"@type":"PropertyValueSpecification","valueRequired":true,"valueName":"search_term_string"}}],"inLanguage":"de"},{"@type":"Organization","@id":"https:\/\/cabinet-soudey.fr\/#organization","name":"Cabinet Soudey - Immobilier \u00e0 Veules les Roses","url":"https:\/\/cabinet-soudey.fr\/","logo":{"@type":"ImageObject","inLanguage":"de","@id":"https:\/\/cabinet-soudey.fr\/#\/schema\/logo\/image\/","url":"https:\/\/www.cabinet-soudey.fr\/wp-content\/uploads\/2020\/02\/logo-new-cropped.png","contentUrl":"https:\/\/www.cabinet-soudey.fr\/wp-content\/uploads\/2020\/02\/logo-new-cropped.png","width":452,"height":469,"caption":"Cabinet Soudey - Immobilier \u00e0 Veules les Roses"},"image":{"@id":"https:\/\/cabinet-soudey.fr\/#\/schema\/logo\/image\/"}}]}},"_links":{"self":[{"href":"https:\/\/cabinet-soudey.fr\/de\/wp-json\/wp\/v2\/product\/3153576","targetHints":{"allow":["GET"]}}],"collection":[{"href":"https:\/\/cabinet-soudey.fr\/de\/wp-json\/wp\/v2\/product"}],"about":[{"href":"https:\/\/cabinet-soudey.fr\/de\/wp-json\/wp\/v2\/types\/product"}],"wp:featuredmedia":[{"embeddable":true,"href":"https:\/\/cabinet-soudey.fr\/de\/wp-json\/wp\/v2\/media\/3153577"}],"wp:attachment":[{"href":"https:\/\/cabinet-soudey.fr\/de\/wp-json\/wp\/v2\/media?parent=3153576"}],"wp:term":[{"taxonomy":"product_brand","embeddable":true,"href":"https:\/\/cabinet-soudey.fr\/de\/wp-json\/wp\/v2\/product_brand?post=3153576"},{"taxonomy":"product_cat","embeddable":true,"href":"https:\/\/cabinet-soudey.fr\/de\/wp-json\/wp\/v2\/product_cat?post=3153576"},{"taxonomy":"product_tag","embeddable":true,"href":"https:\/\/cabinet-soudey.fr\/de\/wp-json\/wp\/v2\/product_tag?post=3153576"},{"taxonomy":"ville","embeddable":true,"href":"https:\/\/cabinet-soudey.fr\/de\/wp-json\/wp\/v2\/ville?post=3153576"},{"taxonomy":"code_postal","embeddable":true,"href":"https:\/\/cabinet-soudey.fr\/de\/wp-json\/wp\/v2\/code_postal?post=3153576"},{"taxonomy":"mot_cle","embeddable":true,"href":"https:\/\/cabinet-soudey.fr\/de\/wp-json\/wp\/v2\/mot_cle?post=3153576"},{"taxonomy":"surface_bien","embeddable":true,"href":"https:\/\/cabinet-soudey.fr\/de\/wp-json\/wp\/v2\/surface_bien?post=3153576"},{"taxonomy":"type_produit","embeddable":true,"href":"https:\/\/cabinet-soudey.fr\/de\/wp-json\/wp\/v2\/type_produit?post=3153576"},{"taxonomy":"prix_loc","embeddable":true,"href":"https:\/\/cabinet-soudey.fr\/de\/wp-json\/wp\/v2\/prix_loc?post=3153576"},{"taxonomy":"prix_transac","embeddable":true,"href":"https:\/\/cabinet-soudey.fr\/de\/wp-json\/wp\/v2\/prix_transac?post=3153576"},{"taxonomy":"vendu","embeddable":true,"href":"https:\/\/cabinet-soudey.fr\/de\/wp-json\/wp\/v2\/vendu?post=3153576"}],"curies":[{"name":"wp","href":"https:\/\/api.w.org\/{rel}","templated":true}]}}